{"id":1951,"date":"2022-02-18T14:42:39","date_gmt":"2022-02-18T13:42:39","guid":{"rendered":"http:\/\/www.welschnofen.net\/clienti\/"},"modified":"2026-01-07T14:26:43","modified_gmt":"2026-01-07T13:26:43","slug":"clienti","status":"publish","type":"page","link":"https:\/\/www.welschnofen.net\/it\/clienti\/","title":{"rendered":"Clienti"},"content":{"rendered":"\t\t<div data-elementor-type=\"wp-post\" data-elementor-id=\"1951\" class=\"elementor elementor-1951 elementor-1840\">\n\t\t\t\t\t\t<section class=\"elementor-section elementor-top-section elementor-element elementor-element-211fa393 elementor-section-boxed elementor-section-height-default elementor-section-height-default\" data-id=\"211fa393\" data-element_type=\"section\" data-settings=\"{&quot;background_background&quot;:&quot;classic&quot;}\">\n\t\t\t\t\t\t<div class=\"elementor-container elementor-column-gap-no\">\n\t\t\t\t\t<div class=\"elementor-column elementor-col-50 elementor-top-column elementor-element elementor-element-4d54601c\" data-id=\"4d54601c\" data-element_type=\"column\" data-settings=\"{&quot;background_background&quot;:&quot;classic&quot;}\">\n\t\t\t<div class=\"elementor-widget-wrap elementor-element-populated\">\n\t\t\t\t\t\t<div class=\"elementor-element elementor-element-6c83e464 elementor-align-left elementor-widget elementor-widget-raven-heading\" data-id=\"6c83e464\" data-element_type=\"widget\" data-widget_type=\"raven-heading.default\">\n\t\t\t\t<div class=\"elementor-widget-container\">\n\t\t\t\t\t\t\t<div class=\"raven-widget-wrapper\"><h2 class=\"raven-heading raven-heading-h2\"><span class=\"raven-heading-title \">Clienti:<\/span><\/h2><\/div>\r\n\t\t\t\t\t\t<\/div>\n\t\t\t\t<\/div>\n\t\t\t\t<div class=\"elementor-element elementor-element-1f90d04d elementor-widget elementor-widget-text-editor\" data-id=\"1f90d04d\" data-element_type=\"widget\" data-widget_type=\"text-editor.default\">\n\t\t\t\t<div class=\"elementor-widget-container\">\n\t\t\t\t\t\t\t\t\t<p><strong>Per l\u2019invio di reclami e richieste di informazioni l\u2019utente pu\u00f2 rivolgersi a:<\/strong><\/p><p>Cooperativa per l&#8217;utilizzo di Fonti Energetiche Nova Levante<br \/>Via Carezza 15<br \/>39056 Nova Levante<br \/>Tel: +39 0471 613237<br \/>E-Mail: <a href=\"mailto:weg@welschnofen.net\">weg@welschnofen.net<\/a><\/p><p><strong>Orari di apertura dell\u2019ufficio (Via Carezza 15, Nova Levante) e del servizio telefonico:<br \/><\/strong>Luned\u00ec &#8211; Venerd\u00ec 08.00 &#8211; 12.00<\/p><p><strong>Spese di allacciamento:<\/strong><br \/>Per le spese di allacciamento verr\u00e0 redatto un preventivo personalizzato.<\/p>\t\t\t\t\t\t\t\t<\/div>\n\t\t\t\t<\/div>\n\t\t\t\t\t<\/div>\n\t\t<\/div>\n\t\t\t\t<div class=\"elementor-column elementor-col-50 elementor-top-column elementor-element elementor-element-3c1455c2\" data-id=\"3c1455c2\" data-element_type=\"column\">\n\t\t\t<div class=\"elementor-widget-wrap elementor-element-populated\">\n\t\t\t\t\t\t<div class=\"elementor-element elementor-element-696965c0 elementor-align-left elementor-widget elementor-widget-raven-heading\" data-id=\"696965c0\" data-element_type=\"widget\" data-widget_type=\"raven-heading.default\">\n\t\t\t\t<div class=\"elementor-widget-container\">\n\t\t\t\t\t\t\t<div class=\"raven-widget-wrapper\"><h4 class=\"raven-heading raven-heading-h4\"><span class=\"raven-heading-title \">Servizio di pronto intervento:<\/span><\/h4><\/div>\r\n\t\t\t\t\t\t<\/div>\n\t\t\t\t<\/div>\n\t\t\t\t<div class=\"elementor-element elementor-element-68cf43f elementor-widget elementor-widget-text-editor\" data-id=\"68cf43f\" data-element_type=\"widget\" data-widget_type=\"text-editor.default\">\n\t\t\t\t<div class=\"elementor-widget-container\">\n\t\t\t\t\t\t\t\t\t<p>Il servizio di pronto intervento per le segnalazioni di dispersioni di acqua o vapore dalla rete, irregolarit\u00e0 o interruzioni nella fornitura \u00e8 gratuito e attivo 24 ore su 24 tutti i giorni dell\u2019anno:<br \/><strong>Tel. +39 0471 1800022<\/strong><\/p>\t\t\t\t\t\t\t\t<\/div>\n\t\t\t\t<\/div>\n\t\t\t\t\t<\/div>\n\t\t<\/div>\n\t\t\t\t\t<\/div>\n\t\t<\/section>\n\t\t\t\t<section class=\"elementor-section elementor-top-section elementor-element elementor-element-7462e7ea elementor-section-boxed elementor-section-height-default elementor-section-height-default\" data-id=\"7462e7ea\" data-element_type=\"section\" id=\"kunden\" data-settings=\"{&quot;background_background&quot;:&quot;classic&quot;}\">\n\t\t\t\t\t\t<div class=\"elementor-container elementor-column-gap-default\">\n\t\t\t\t\t<div class=\"elementor-column elementor-col-100 elementor-top-column elementor-element elementor-element-69f106c4\" data-id=\"69f106c4\" data-element_type=\"column\">\n\t\t\t<div class=\"elementor-widget-wrap elementor-element-populated\">\n\t\t\t\t\t\t<div class=\"elementor-element elementor-element-4357d6f elementor-align-left elementor-widget elementor-widget-raven-heading\" data-id=\"4357d6f\" data-element_type=\"widget\" data-widget_type=\"raven-heading.default\">\n\t\t\t\t<div class=\"elementor-widget-container\">\n\t\t\t\t\t\t\t<div class=\"raven-widget-wrapper\"><h4 class=\"raven-heading raven-heading-h4\"><span class=\"raven-heading-title \">Downloads<\/span><\/h4><\/div>\r\n\t\t\t\t\t\t<\/div>\n\t\t\t\t<\/div>\n\t\t\t\t<section class=\"elementor-section elementor-inner-section elementor-element elementor-element-41dd2360 elementor-section-boxed elementor-section-height-default elementor-section-height-default\" data-id=\"41dd2360\" data-element_type=\"section\">\n\t\t\t\t\t\t<div class=\"elementor-container elementor-column-gap-default\">\n\t\t\t\t\t<div class=\"elementor-column elementor-col-50 elementor-inner-column elementor-element elementor-element-4f11b8f6\" data-id=\"4f11b8f6\" data-element_type=\"column\">\n\t\t\t<div class=\"elementor-widget-wrap elementor-element-populated\">\n\t\t\t\t\t\t<div class=\"elementor-element elementor-element-0942435 elementor-icon-list--layout-traditional elementor-list-item-link-full_width elementor-widget elementor-widget-icon-list\" data-id=\"0942435\" data-element_type=\"widget\" data-widget_type=\"icon-list.default\">\n\t\t\t\t<div class=\"elementor-widget-container\">\n\t\t\t\t\t\t\t<ul class=\"elementor-icon-list-items\">\n\t\t\t\t\t\t\t<li class=\"elementor-icon-list-item\">\n\t\t\t\t\t\t\t\t\t\t\t<a href=\"https:\/\/www.welschnofen.net\/wp-content\/uploads\/Richiesta-preventivo-allacciamento-teleriscaldamento.pdf\" target=\"_blank\" rel=\"nofollow\">\n\n\t\t\t\t\t\t\t\t\t\t\t\t<span class=\"elementor-icon-list-icon\">\n\t\t\t\t\t\t\t<i aria-hidden=\"true\" class=\"far fa-file-pdf\"><\/i>\t\t\t\t\t\t<\/span>\n\t\t\t\t\t\t\t\t\t\t<span class=\"elementor-icon-list-text\">Richiesta allacciamento teleriscaldamento<\/span>\n\t\t\t\t\t\t\t\t\t\t\t<\/a>\n\t\t\t\t\t\t\t\t\t<\/li>\n\t\t\t\t\t\t\t\t<li class=\"elementor-icon-list-item\">\n\t\t\t\t\t\t\t\t\t\t\t<a href=\"https:\/\/www.welschnofen.net\/wp-content\/uploads\/Richiesta-preventivo-per-lavori.pdf\" target=\"_blank\" rel=\"nofollow\">\n\n\t\t\t\t\t\t\t\t\t\t\t\t<span class=\"elementor-icon-list-icon\">\n\t\t\t\t\t\t\t<i aria-hidden=\"true\" class=\"far fa-file-pdf\"><\/i>\t\t\t\t\t\t<\/span>\n\t\t\t\t\t\t\t\t\t\t<span class=\"elementor-icon-list-text\">Richiesta preventivo per lavori<\/span>\n\t\t\t\t\t\t\t\t\t\t\t<\/a>\n\t\t\t\t\t\t\t\t\t<\/li>\n\t\t\t\t\t\t\t\t<li class=\"elementor-icon-list-item\">\n\t\t\t\t\t\t\t\t\t\t\t<a href=\"https:\/\/www.welschnofen.net\/wp-content\/uploads\/Richiesta-attivazione-della-fornitura.pdf\" target=\"_blank\" rel=\"nofollow\">\n\n\t\t\t\t\t\t\t\t\t\t\t\t<span class=\"elementor-icon-list-icon\">\n\t\t\t\t\t\t\t<i aria-hidden=\"true\" class=\"far fa-file-pdf\"><\/i>\t\t\t\t\t\t<\/span>\n\t\t\t\t\t\t\t\t\t\t<span class=\"elementor-icon-list-text\">Richiesta attivazione della fornitura<\/span>\n\t\t\t\t\t\t\t\t\t\t\t<\/a>\n\t\t\t\t\t\t\t\t\t<\/li>\n\t\t\t\t\t\t\t\t<li class=\"elementor-icon-list-item\">\n\t\t\t\t\t\t\t\t\t\t\t<a href=\"https:\/\/www.welschnofen.net\/wp-content\/uploads\/Richiesta-disattivazione-teleriscaldamento.pdf\" target=\"_blank\" rel=\"nofollow\">\n\n\t\t\t\t\t\t\t\t\t\t\t\t<span class=\"elementor-icon-list-icon\">\n\t\t\t\t\t\t\t<i aria-hidden=\"true\" class=\"far fa-file-pdf\"><\/i>\t\t\t\t\t\t<\/span>\n\t\t\t\t\t\t\t\t\t\t<span class=\"elementor-icon-list-text\">Richiesta disattivazione della fornitura<\/span>\n\t\t\t\t\t\t\t\t\t\t\t<\/a>\n\t\t\t\t\t\t\t\t\t<\/li>\n\t\t\t\t\t\t\t\t<li class=\"elementor-icon-list-item\">\n\t\t\t\t\t\t\t\t\t\t\t<a href=\"https:\/\/www.welschnofen.net\/wp-content\/uploads\/Richiesta-scollegamento-dalla-rete.pdf\" target=\"_blank\" rel=\"nofollow\">\n\n\t\t\t\t\t\t\t\t\t\t\t\t<span class=\"elementor-icon-list-icon\">\n\t\t\t\t\t\t\t<i aria-hidden=\"true\" class=\"far fa-file-pdf\"><\/i>\t\t\t\t\t\t<\/span>\n\t\t\t\t\t\t\t\t\t\t<span class=\"elementor-icon-list-text\">Richiesta scollegamento dalla rete<\/span>\n\t\t\t\t\t\t\t\t\t\t\t<\/a>\n\t\t\t\t\t\t\t\t\t<\/li>\n\t\t\t\t\t\t\t\t<li class=\"elementor-icon-list-item\">\n\t\t\t\t\t\t\t\t\t\t\t<a href=\"https:\/\/www.welschnofen.net\/wp-content\/uploads\/Richiesta-di-intervento-per-verifica-contatore.pdf\" target=\"_blank\" rel=\"nofollow\">\n\n\t\t\t\t\t\t\t\t\t\t\t\t<span class=\"elementor-icon-list-icon\">\n\t\t\t\t\t\t\t<i aria-hidden=\"true\" class=\"far fa-file-pdf\"><\/i>\t\t\t\t\t\t<\/span>\n\t\t\t\t\t\t\t\t\t\t<span class=\"elementor-icon-list-text\">Richiesta intervento verifica contatore<\/span>\n\t\t\t\t\t\t\t\t\t\t\t<\/a>\n\t\t\t\t\t\t\t\t\t<\/li>\n\t\t\t\t\t\t\t\t<li class=\"elementor-icon-list-item\">\n\t\t\t\t\t\t\t\t\t\t\t<a href=\"https:\/\/www.welschnofen.net\/wp-content\/uploads\/modello-dati-catastali-persona-fisica.pdf\" target=\"_blank\" rel=\"nofollow\">\n\n\t\t\t\t\t\t\t\t\t\t\t\t<span class=\"elementor-icon-list-icon\">\n\t\t\t\t\t\t\t<i aria-hidden=\"true\" class=\"far fa-file-pdf\"><\/i>\t\t\t\t\t\t<\/span>\n\t\t\t\t\t\t\t\t\t\t<span class=\"elementor-icon-list-text\">Modello dati catastali persona fisica<\/span>\n\t\t\t\t\t\t\t\t\t\t\t<\/a>\n\t\t\t\t\t\t\t\t\t<\/li>\n\t\t\t\t\t\t\t\t<li class=\"elementor-icon-list-item\">\n\t\t\t\t\t\t\t\t\t\t\t<a href=\"https:\/\/www.welschnofen.net\/wp-content\/uploads\/modello-dati-catastali-persona-giuridica.pdf\" target=\"_blank\" rel=\"nofollow\">\n\n\t\t\t\t\t\t\t\t\t\t\t\t<span class=\"elementor-icon-list-icon\">\n\t\t\t\t\t\t\t<i aria-hidden=\"true\" class=\"far fa-file-pdf\"><\/i>\t\t\t\t\t\t<\/span>\n\t\t\t\t\t\t\t\t\t\t<span class=\"elementor-icon-list-text\">Modello dati catastali persona giuridica<\/span>\n\t\t\t\t\t\t\t\t\t\t\t<\/a>\n\t\t\t\t\t\t\t\t\t<\/li>\n\t\t\t\t\t\t<\/ul>\n\t\t\t\t\t\t<\/div>\n\t\t\t\t<\/div>\n\t\t\t\t\t<\/div>\n\t\t<\/div>\n\t\t\t\t<div class=\"elementor-column elementor-col-50 elementor-inner-column elementor-element elementor-element-3efecdcb linko\" data-id=\"3efecdcb\" data-element_type=\"column\">\n\t\t\t<div class=\"elementor-widget-wrap elementor-element-populated\">\n\t\t\t\t\t\t<div class=\"elementor-element elementor-element-54aeb2e0 elementor-icon-list--layout-traditional elementor-list-item-link-full_width elementor-widget elementor-widget-icon-list\" data-id=\"54aeb2e0\" data-element_type=\"widget\" data-widget_type=\"icon-list.default\">\n\t\t\t\t<div class=\"elementor-widget-container\">\n\t\t\t\t\t\t\t<ul class=\"elementor-icon-list-items\">\n\t\t\t\t\t\t\t<li class=\"elementor-icon-list-item\">\n\t\t\t\t\t\t\t\t\t\t\t<a href=\"https:\/\/www.welschnofen.net\/wp-content\/uploads\/SEPA.pdf\" target=\"_blank\" rel=\"nofollow\">\n\n\t\t\t\t\t\t\t\t\t\t\t\t<span class=\"elementor-icon-list-icon\">\n\t\t\t\t\t\t\t<i aria-hidden=\"true\" class=\"far fa-file-pdf\"><\/i>\t\t\t\t\t\t<\/span>\n\t\t\t\t\t\t\t\t\t\t<span class=\"elementor-icon-list-text\">Addebito SEPA<\/span>\n\t\t\t\t\t\t\t\t\t\t\t<\/a>\n\t\t\t\t\t\t\t\t\t<\/li>\n\t\t\t\t\t\t\t\t<li class=\"elementor-icon-list-item\">\n\t\t\t\t\t\t\t\t\t\t\t<a href=\"https:\/\/www.welschnofen.net\/wp-content\/uploads\/Richiesta-informazione-o-reclamo.pdf\" target=\"_blank\" rel=\"nofollow\">\n\n\t\t\t\t\t\t\t\t\t\t\t\t<span class=\"elementor-icon-list-icon\">\n\t\t\t\t\t\t\t<i aria-hidden=\"true\" class=\"far fa-file-pdf\"><\/i>\t\t\t\t\t\t<\/span>\n\t\t\t\t\t\t\t\t\t\t<span class=\"elementor-icon-list-text\">Richiesta informazioni o reclamo<\/span>\n\t\t\t\t\t\t\t\t\t\t\t<\/a>\n\t\t\t\t\t\t\t\t\t<\/li>\n\t\t\t\t\t\t\t\t<li class=\"elementor-icon-list-item\">\n\t\t\t\t\t\t\t\t\t\t\t<a href=\"https:\/\/www.welschnofen.net\/wp-content\/uploads\/FAC-SIMILE-Contratto-energia-termica.pdf\" target=\"_blank\" rel=\"nofollow\">\n\n\t\t\t\t\t\t\t\t\t\t\t\t<span class=\"elementor-icon-list-icon\">\n\t\t\t\t\t\t\t<i aria-hidden=\"true\" class=\"far fa-file-pdf\"><\/i>\t\t\t\t\t\t<\/span>\n\t\t\t\t\t\t\t\t\t\t<span class=\"elementor-icon-list-text\">Esempio contratto fornitura di calore<\/span>\n\t\t\t\t\t\t\t\t\t\t\t<\/a>\n\t\t\t\t\t\t\t\t\t<\/li>\n\t\t\t\t\t\t\t\t<li class=\"elementor-icon-list-item\">\n\t\t\t\t\t\t\t\t\t\t\t<a href=\"https:\/\/www.welschnofen.net\/wp-content\/uploads\/TARIFFE-TELERISCALDAMENTO-2025.pdf\" target=\"_blank\" rel=\"nofollow\">\n\n\t\t\t\t\t\t\t\t\t\t\t\t<span class=\"elementor-icon-list-icon\">\n\t\t\t\t\t\t\t<i aria-hidden=\"true\" class=\"far fa-file-pdf\"><\/i>\t\t\t\t\t\t<\/span>\n\t\t\t\t\t\t\t\t\t\t<span class=\"elementor-icon-list-text\">Tariffe<\/span>\n\t\t\t\t\t\t\t\t\t\t\t<\/a>\n\t\t\t\t\t\t\t\t\t<\/li>\n\t\t\t\t\t\t\t\t<li class=\"elementor-icon-list-item\">\n\t\t\t\t\t\t\t\t\t\t\t<a href=\"https:\/\/www.welschnofen.net\/wp-content\/uploads\/Dichiarazione-fattore-di-conversione.pdf\" target=\"_blank\" rel=\"nofollow\">\n\n\t\t\t\t\t\t\t\t\t\t\t\t<span class=\"elementor-icon-list-icon\">\n\t\t\t\t\t\t\t<i aria-hidden=\"true\" class=\"far fa-file-pdf\"><\/i>\t\t\t\t\t\t<\/span>\n\t\t\t\t\t\t\t\t\t\t<span class=\"elementor-icon-list-text\">Dichiarazione fattore di conversione<\/span>\n\t\t\t\t\t\t\t\t\t\t\t<\/a>\n\t\t\t\t\t\t\t\t\t<\/li>\n\t\t\t\t\t\t\t\t<li class=\"elementor-icon-list-item\">\n\t\t\t\t\t\t\t\t\t\t\t<a href=\"https:\/\/www.welschnofen.net\/wp-content\/uploads\/6-3-PRIVACY-Informativa-protezione-dati-personali.pdf\" target=\"_blank\" rel=\"nofollow\">\n\n\t\t\t\t\t\t\t\t\t\t\t\t<span class=\"elementor-icon-list-icon\">\n\t\t\t\t\t\t\t<i aria-hidden=\"true\" class=\"far fa-file-pdf\"><\/i>\t\t\t\t\t\t<\/span>\n\t\t\t\t\t\t\t\t\t\t<span class=\"elementor-icon-list-text\">Informativa trattamento dei dati personali<\/span>\n\t\t\t\t\t\t\t\t\t\t\t<\/a>\n\t\t\t\t\t\t\t\t\t<\/li>\n\t\t\t\t\t\t\t\t<li class=\"elementor-icon-list-item\">\n\t\t\t\t\t\t\t\t\t\t\t<a href=\"https:\/\/www.welschnofen.net\/wp-content\/uploads\/Dichiarazione-sostitutiva-uso-energia-termica.pdf\" target=\"_blank\" rel=\"nofollow\">\n\n\t\t\t\t\t\t\t\t\t\t\t\t<span class=\"elementor-icon-list-icon\">\n\t\t\t\t\t\t\t<i aria-hidden=\"true\" class=\"far fa-file-pdf\"><\/i>\t\t\t\t\t\t<\/span>\n\t\t\t\t\t\t\t\t\t\t<span class=\"elementor-icon-list-text\">Dichiarazione sostitutiva uso energia termica<\/span>\n\t\t\t\t\t\t\t\t\t\t\t<\/a>\n\t\t\t\t\t\t\t\t\t<\/li>\n\t\t\t\t\t\t<\/ul>\n\t\t\t\t\t\t<\/div>\n\t\t\t\t<\/div>\n\t\t\t\t\t<\/div>\n\t\t<\/div>\n\t\t\t\t\t<\/div>\n\t\t<\/section>\n\t\t\t\t\t<\/div>\n\t\t<\/div>\n\t\t\t\t\t<\/div>\n\t\t<\/section>\n\t\t\t\t<section class=\"elementor-section elementor-top-section elementor-element elementor-element-15147e37 elementor-section-boxed elementor-section-height-default elementor-section-height-default\" data-id=\"15147e37\" data-element_type=\"section\" data-settings=\"{&quot;background_background&quot;:&quot;classic&quot;}\">\n\t\t\t\t\t\t<div class=\"elementor-container elementor-column-gap-no\">\n\t\t\t\t\t<div class=\"elementor-column elementor-col-100 elementor-top-column elementor-element elementor-element-28d62adf\" data-id=\"28d62adf\" data-element_type=\"column\" data-settings=\"{&quot;background_background&quot;:&quot;classic&quot;}\">\n\t\t\t<div class=\"elementor-widget-wrap elementor-element-populated\">\n\t\t\t\t\t\t<div class=\"elementor-element elementor-element-7b2e3ba1 elementor-widget elementor-widget-toggle\" data-id=\"7b2e3ba1\" data-element_type=\"widget\" data-widget_type=\"toggle.default\">\n\t\t\t\t<div class=\"elementor-widget-container\">\n\t\t\t\t\t\t\t<div class=\"elementor-toggle\">\n\t\t\t\t\t\t\t<div class=\"elementor-toggle-item\">\n\t\t\t\t\t<div id=\"elementor-tab-title-2061\" class=\"elementor-tab-title\" data-tab=\"1\" role=\"button\" aria-controls=\"elementor-tab-content-2061\" aria-expanded=\"false\">\n\t\t\t\t\t\t\t\t\t\t\t\t<span class=\"elementor-toggle-icon elementor-toggle-icon-left\" aria-hidden=\"true\">\n\t\t\t\t\t\t\t\t\t\t\t\t\t\t\t<span class=\"elementor-toggle-icon-closed\"><i class=\"fas fa-plus\"><\/i><\/span>\n\t\t\t\t\t\t\t\t<span class=\"elementor-toggle-icon-opened\"><i class=\"elementor-toggle-icon-opened fas fa-play\"><\/i><\/span>\n\t\t\t\t\t\t\t\t\t\t\t\t\t<\/span>\n\t\t\t\t\t\t\t\t\t\t\t\t<a class=\"elementor-toggle-title\" tabindex=\"0\">Standard di qualit\u00e0 commerciale<\/a>\n\t\t\t\t\t<\/div>\n\n\t\t\t\t\t<div id=\"elementor-tab-content-2061\" class=\"elementor-tab-content elementor-clearfix\" data-tab=\"1\" role=\"region\" aria-labelledby=\"elementor-tab-title-2061\"><p><strong>Standard di qualit\u00e0 commerciale ai sensi del RQCT relativo alla qualit\u00e0 commerciale<\/strong><br>\nAi sensi del RQCT (allegato A della delibera ARERA n. 526\/2021\/R\/tlr e s.m.i.) dell\u2019Autorit\u00e0 di Regolazione per Energia Reti e Ambiente ARERA, in qualit\u00e0 di esercente siamo obbligati a rispettare i seguenti standard di qualit\u00e0 commerciale:<\/p>\n<p><strong>Standard specifici:<\/strong><\/p>\n<table width=\"100%\">\n<tbody>\n<tr>\n<td style=\"text-align: left;\"><strong>Prestazione<\/strong><\/td>\n<td style=\"text-align: left;\"><strong>Descrizione<\/strong><\/td>\n<td style=\"text-align: left;\"><strong>Livello Standard&nbsp; &nbsp;<\/strong><\/td>\n<td style=\"text-align: left;\"><strong>Grado di rispetto anno 2021<\/strong><\/td>\n<\/tr>\n<tr>\n<td style=\"text-align: left;\">Tempo massimo per esecuzione di lavori semplici<\/td>\n<td style=\"text-align: left;\"><em>\u00c8&nbsp;il tempo, misurato in giorni lavorativi, intercorrente tra la data di ricevimento da parte dell\u2019esercente dell\u2019accettazione del preventivo comunicata dal richiedente e la data di completamento dei lavori semplici richiesti.<\/em><\/td>\n<td style=\"text-align: left;\"><strong>15 gg lavorativi&nbsp;&nbsp; <\/strong><\/td>\n<td style=\"text-align: left;\"><strong>n.d.<\/strong><\/td>\n<\/tr>\n<tr>\n<td style=\"text-align: left;\">Tempo massimo per esecuzione di lavori complessi<\/td>\n<td style=\"text-align: left;\"><em>\u00c8 la data, concordata tra esercente e richiedente, entro la quale l\u2019esercente si impegna a completare i lavori complessi richiesti.<\/em><\/td>\n<td style=\"text-align: left;\"><strong>entro la data concordata &nbsp;<\/strong><\/td>\n<td style=\"text-align: left;\"><strong>n.d.<\/strong><\/td>\n<\/tr>\n<tr>\n<td style=\"text-align: left;\">Tempo massimo di attivazione della fornitura<\/td>\n<td style=\"text-align: left;\"><em>\u00c8 il tempo, misurato in giorni lavorativi, intercorrente tra la data di ricevimento da parte dell\u2019esercente della domanda di attivazione della fornitura del richiedente e la data di attivazione della fornitura<\/em><\/td>\n<td style=\"text-align: left;\"><strong>7 gg lavorativi&nbsp;&nbsp; <\/strong><\/td>\n<td style=\"text-align: left;\"><strong>n.d.<\/strong><\/td>\n<\/tr>\n<tr>\n<td style=\"text-align: left;\">Tempo massimo di riattivazione della fornitura in seguito a sospensione per morosit\u00e0<\/td>\n<td style=\"text-align: left;\"><em>\u00c8 il tempo intercorrente tra la data di ricevimento da parte dell\u2019esercente il servizio dell\u2019attestazione di avvenuto pagamento delle somme dovute dall\u2019utente moroso e la data di effettiva riattivazione della fornitura<\/em><\/td>\n<td style=\"text-align: left;\"><strong>2 gg feriali&nbsp;&nbsp; <\/strong><\/td>\n<td style=\"text-align: left;\"><strong>n.d.<\/strong><\/td>\n<\/tr>\n<tr>\n<td style=\"text-align: left;\">Tempo massimo di disattivazione della fornitura su richiesta dell&#8217;utente<\/td>\n<td style=\"text-align: left;\"><em>\u00c8 il tempo intercorrente tra la data di ricevimento da parte dell\u2019esercente della richiesta di disattivazione della fornitura presentata dall\u2019utente e la data di effettiva disattivazione<\/em><\/td>\n<td style=\"text-align: left;\"><strong>5 gg lavorativi&nbsp;&nbsp; <\/strong><\/td>\n<td style=\"text-align: left;\"><strong>n.d.<\/strong><\/td>\n<\/tr>\n<tr>\n<td style=\"text-align: left;\">Tempo ultimo per l\u2019esecuzione dello scollegamento dalla rete richiesto dall\u2019utente<\/td>\n<td style=\"text-align: left;\"><em>\u00c8 la data, concordata tra esercente ed utente, entro la quale l\u2019esercente si impegna a completare lo scollegamento dalla rete<\/em><\/td>\n<td style=\"text-align: left;\"><strong>entro la data concordata<\/strong><\/td>\n<td style=\"text-align: left;\"><strong>n.d.<\/strong><\/td>\n<\/tr>\n<tr>\n<td style=\"text-align: left;\">Tempo massimo di risposta motivata a reclami scritti<\/td>\n<td style=\"text-align: left;\"><em>\u00c8 il tempo intercorrente tra la data di ricevimento da parte dell\u2019esercente del reclamo scritto del richiedente e la data di messa a disposizione a quest\u2019ultimo da parte dell\u2019esercente della risposta&nbsp;<\/em><em style=\"font-family: inherit; font-size: inherit;\">motivata scritta<\/em><\/td>\n<td style=\"text-align: left;\"><strong>30 gg solari<\/strong><\/td>\n<td style=\"text-align: left;\"><strong>n.d.<\/strong><\/td>\n<\/tr>\n<\/tbody>\n<\/table>\n<p><strong style=\"font-size: 1rem;\"><br>\nStandard generali:<\/strong><\/p>\n<table width=\"100%\">\n<tbody>\n<tr>\n<td style=\"text-align: left;\"><strong>Prestazione<\/strong><\/td>\n<td style=\"text-align: left;\"><strong>Descrizione<\/strong><\/td>\n<td style=\"text-align: left;\"><strong>Livello Standard&nbsp; &nbsp;<\/strong><\/td>\n<td style=\"text-align: left;\"><strong>Grado di rispetto anno 2021<\/strong><\/td>\n<\/tr>\n<tr>\n<td style=\"text-align: left;\">Percentuale minima di preventivazioni per lavori semplici messi a disposizione entro il tempo massimo di dieci (10) giorni lavorativi dalla relativa richiesta<\/td>\n<td style=\"text-align: left;\"><em>Il tempo di preventivazione per l\u2019esecuzione di lavori \u00e8 il tempo intercorrente tra la data di ricevimento da parte dell\u2019esercente della richiesta di preventivo del richiedente e la data di messa a disposizione del preventivo al richiedente<\/em><\/td>\n<td style=\"text-align: left;\"><strong>90%<\/strong><\/td>\n<td style=\"text-align: left;\"><strong>n.d.<\/strong><\/td>\n<\/tr>\n<tr>\n<td style=\"text-align: left;\">Percentuale minima di preventivazioni per lavori complessi messi a disposizione entro il tempo massimo di trenta (30) giorni lavorativi dalla relativa richiesta<\/td>\n<td style=\"text-align: left;\"><em>Il tempo di preventivazione per l\u2019esecuzione di lavori \u00e8 il tempo intercorrente tra la data di ricevimento da parte dell\u2019esercente della richiesta di preventivo del richiedente e la data di messa a disposizione del preventivo al richiedente<\/em><\/td>\n<td style=\"text-align: left;\"><strong>90%<\/strong><\/td>\n<td style=\"text-align: left;\"><strong>n.d.<\/strong><\/td>\n<\/tr>\n<\/tbody>\n<\/table>\n<p><strong><br>\nIndennizzi automatici ai sensi del RQCT relativo alla qualit\u00e0 commerciale<\/strong><br>\nIn caso di mancato rispetto degli standard specifici di qualit\u00e0 commerciale indicati, l\u2019esercente deve accreditare all\u2019utente un indennizzo automatico secondo le condizioni previste dal RQCT.<\/p>\n<p>L\u2019indennizzo automatico base corrisponde a 30 Euro per prestazioni richieste da utenti di minori dimensioni (con una potenza contrattuale non superiore a 50 kW) e a 70 Euro per prestazioni richieste da utenti di medie dimensioni (con potenza contrattuale&nbsp;superiore a 50 kW e non superiore a 350 kW). Solo nel caso di risposta motivata a reclamo scritto di un utente l\u2019indennizzo automatico base corrisponde sempre a 30 Euro.<\/p>\n<p>L\u2019indennizzo base \u00e8 crescente in relazione al ritardo nell\u2019esecuzione della prestazione come indicato di seguito:<\/p>\n<ul>\n<li>se l\u2019esecuzione della prestazione avviene oltre lo standard, ma entro un tempo doppio dello standard a cui si riferisce la prestazione o, nei casi di lavori complessi o dello scollegamento, entro 45 giorni solari dal termine ultimo concordato per l\u2019esecuzione della prestazione, \u00e8 corrisposto l\u2019indennizzo automatico base;<\/li>\n<li>se l\u2019esecuzione della prestazione avviene oltre un tempo doppio dello standard cui si riferisce la prestazione, ma entro un tempo triplo o, nei casi di lavori complessi o dello scollegamento, oltre i 45 giorni solari ma entro 90 giorni solari dal termine ultimo concordato per l\u2019esecuzione della prestazione, \u00e8 corrisposto il doppio dell\u2019indennizzo automatico base;<\/li>\n<li>se l\u2019esecuzione della prestazione avviene oltre un tempo triplo dello standard cui si riferisce la prestazione o, nei casi di lavori complessi o dello scollegamento, oltre i 90 giorni solari dal termine ultimo concordato per l\u2019esecuzione della prestazione, \u00e8 corrisposto il triplo dell\u2019indennizzo automatico base.<\/li>\n<\/ul>\n<p>L\u2019indennizzo verr\u00e0 accreditato all\u2019utente attraverso detrazione dall\u2019importo addebitato nel primo documento di fatturazione utile. La corresponsione dell\u2019indennizzo automatico non esclude la possibilit\u00e0 di richiedere nelle opportune sedi il risarcimento dell\u2019eventuale danno ulteriore sub\u00ecto<\/p>\n<p>Standard specifici di qualit\u00e0 del servizio di telecalore relativi alla misura ai sensi del TIMT<\/p>\n<p>Ai sensi del TIMT (Allegato A, Delibera ARERA 17 novembre 2020, 478\/2020\/R\/tlr e s.m.i.) dell\u2019Autorit\u00e0 di Regolazione per Energia Reti e Ambiente ARERA, in qualit\u00e0 di esercente siamo obbligati a rispettare i seguenti standard di qualit\u00e0 commerciale relativi alla misura:<\/p>\n<table width=\"100%\">\n<tbody>\n<tr>\n<td style=\"text-align: left;\"><strong>Indicatore<\/strong><\/td>\n<td style=\"text-align: left;\"><strong>Standard specifico<\/strong><\/td>\n<td style=\"text-align: left;\"><strong>Grado di rispetto nell&#8217;anno xxx<\/strong><\/td>\n<\/tr>\n<tr>\n<td style=\"text-align: left;\">Tempo di intervento per la verifica del misuratore di cui all\u2019Articolo 13 TIMT<\/td>\n<td style=\"text-align: left;\">Tempo massimo di 15 (quindici) giorni lavorativi<\/td>\n<td style=\"text-align: left;\"><strong>xxx<\/strong><\/td>\n<\/tr>\n<tr>\n<td style=\"text-align: left;\">Tempo di comunicazione dell\u2019esito della verifica del misuratore di cui all\u2019Articolo 14 TIMT<\/td>\n<td style=\"text-align: left;\">Tempo massimo di 10 (dieci) giorni lavorativi, se effettuata in loco<\/td>\n<td style=\"text-align: left;\"><strong>xxx<\/strong><\/td>\n<\/tr>\n<tr>\n<td style=\"text-align: left;\">Tempo di comunicazione dell\u2019esito della verifica del misuratore di cui all\u2019Articolo 14 TIMT<\/td>\n<td style=\"text-align: left;\">Tempo massimo di 30 (trenta) giorni lavorativi, se non effettuata in loco<\/td>\n<td style=\"text-align: left;\"><strong>xxx<\/strong><\/td>\n<\/tr>\n<tr>\n<td style=\"text-align: left;\">Tempo di sostituzione del misuratore guasto o malfunzionante di cui all\u2019Articolo 15 TIMT<\/td>\n<td style=\"text-align: left;\">Tempo massimo di 15 (quindici) giorni lavorativi<\/td>\n<td style=\"text-align: left;\"><strong>xxx<\/strong><\/td>\n<\/tr>\n<\/tbody>\n<\/table>\n<p><strong><br>\n<\/strong><\/p>\n<p><strong>Indennizzi automatici ai sensi del TIMT relativo alla misura<\/strong><\/p>\n<p>In caso di mancato rispetto degli standard specifici di qualit\u00e0 definiti all\u2019Articolo 18 del TIMT, l\u2019esercente corrisponde all\u2019utente, in occasione del primo documento di fatturazione utile, un indennizzo automatico base pari a:<br>\na) trenta (30) euro, per prestazioni richieste da utenti di minori dimensioni (con una potenza contrattuale non superiore a 50 kW);<br>\nb) settanta (70) euro, per prestazioni richieste da utenti di medie dimensioni (con potenza contrattuale&nbsp;superiore a 50 kW e non superiore a 350 kW).<br>\nTali indennizzi automatici base sono crescenti in relazione al ritardo nell\u2019esecuzione della prestazione come indicato di seguito:<br>\na) se l\u2019esecuzione della prestazione avviene oltre lo standard, ma entro un tempo doppio dello standard a cui si riferisce la prestazione, \u00e8 corrisposto l\u2019indennizzo automatico base;<br>\nb) se l\u2019esecuzione della prestazione avviene oltre un tempo doppio dello standard cui si riferisce la prestazione, ma entro un tempo triplo, \u00e8 corrisposto il doppio dell\u2019indennizzo automatico base;<br>\nc) se l\u2019esecuzione della prestazione avviene oltre un tempo triplo dello standard cui si riferisce la prestazione \u00e8 corrisposto il triplo dell\u2019indennizzo automatico base.<\/p>\n<p>L\u2019esercente non \u00e8 tenuto a corrispondere l\u2019indennizzo automatico qualora il mancato rispetto degli standard specifici di qualit\u00e0 sia riconducibile a una delle seguenti cause: a) cause di forza maggiore, intese come atti di autorit\u00e0 pubblica, eventi naturali eccezionali per i quali sia stato dichiarato lo stato di calamit\u00e0 dall\u2019autorit\u00e0 competente, scioperi indetti senza il preavviso previsto dalla legge, mancato ottenimento di atti autorizzativi; b) cause imputabili all\u2019utente o a terzi, ovvero danni o impedimenti provocati da terzi.<\/p>\n<p>L\u2019esercente, nei casi in cui l\u2019utente risulti moroso, sospende l\u2019erogazione dell\u2019indennizzo automatico fino al pagamento delle somme dovute.<\/p><\/div>\n\t\t\t\t<\/div>\n\t\t\t\t\t\t\t<div class=\"elementor-toggle-item\">\n\t\t\t\t\t<div id=\"elementor-tab-title-2062\" class=\"elementor-tab-title\" data-tab=\"2\" role=\"button\" aria-controls=\"elementor-tab-content-2062\" aria-expanded=\"false\">\n\t\t\t\t\t\t\t\t\t\t\t\t<span class=\"elementor-toggle-icon elementor-toggle-icon-left\" aria-hidden=\"true\">\n\t\t\t\t\t\t\t\t\t\t\t\t\t\t\t<span class=\"elementor-toggle-icon-closed\"><i class=\"fas fa-plus\"><\/i><\/span>\n\t\t\t\t\t\t\t\t<span class=\"elementor-toggle-icon-opened\"><i class=\"elementor-toggle-icon-opened fas fa-play\"><\/i><\/span>\n\t\t\t\t\t\t\t\t\t\t\t\t\t<\/span>\n\t\t\t\t\t\t\t\t\t\t\t\t<a class=\"elementor-toggle-title\" tabindex=\"0\">Realizzazione degli allacciamenti<\/a>\n\t\t\t\t\t<\/div>\n\n\t\t\t\t\t<div id=\"elementor-tab-content-2062\" class=\"elementor-tab-content elementor-clearfix\" data-tab=\"2\" role=\"region\" aria-labelledby=\"elementor-tab-title-2062\"><p>Il Cliente pu\u00f2 presentare la richiesta di allacciamento o di preventivazione dell\u2019allacciamento attraverso le seguenti modalit\u00e0: invio della richiesta tramite posta (Cooperativa per l\u2019utilizzo di Fonti Energetiche Nova Levante, Via Carezza 15, 39035 Nova Levante (BZ)), per E-Mail (<a href=\"mailto:weg@welschnofen.net\">weg@welschnofen.net<\/a>), sito internet o tramite eventuale sportello fisico reso disponibile dall\u2019esercente, compilando un apposito modulo accessibile anche tramite il sito internet dell\u2019esercente e presso eventuali sportelli fisici.<\/p><p><strong>Informazioni generali in merito alle modalit\u00e0 di realizzazione degli allacciamenti<\/strong><\/p><ol><li>le attivit\u00e0 che sono eseguite dal gestore e risultano incluse nel corrispettivo di allacciamento: Fornitura e posa delle tubazioni fino al punto di consegna e fornitura e installazione dello scambiatore di calore.<\/li><li>le attivit\u00e0 che sono eseguite dal gestore solo su richiesta dell\u2019utente e che non sono incluse nel corrispettivo di allacciamento:<br \/>Tutti i lavori e forniture per la connessione della rete dell\u2019utente allo scambiatore di calore.<\/li><li>le attivit\u00e0 che sono sempre in capo all\u2019utente: Autorizzazioni e permessi per la posa delle tubazioni.<\/li><li>eventuali sconti o esenzioni dal pagamento dei corrispettivi di allacciamento applicabili alla generalit\u00e0 degli utenti e le relative modalit\u00e0 applicative: non previste<\/li><\/ol><\/div>\n\t\t\t\t<\/div>\n\t\t\t\t\t\t\t<div class=\"elementor-toggle-item\">\n\t\t\t\t\t<div id=\"elementor-tab-title-2063\" class=\"elementor-tab-title\" data-tab=\"3\" role=\"button\" aria-controls=\"elementor-tab-content-2063\" aria-expanded=\"false\">\n\t\t\t\t\t\t\t\t\t\t\t\t<span class=\"elementor-toggle-icon elementor-toggle-icon-left\" aria-hidden=\"true\">\n\t\t\t\t\t\t\t\t\t\t\t\t\t\t\t<span class=\"elementor-toggle-icon-closed\"><i class=\"fas fa-plus\"><\/i><\/span>\n\t\t\t\t\t\t\t\t<span class=\"elementor-toggle-icon-opened\"><i class=\"elementor-toggle-icon-opened fas fa-play\"><\/i><\/span>\n\t\t\t\t\t\t\t\t\t\t\t\t\t<\/span>\n\t\t\t\t\t\t\t\t\t\t\t\t<a class=\"elementor-toggle-title\" tabindex=\"0\">Disattivazione della fornitura e scollegamento dalla rete<\/a>\n\t\t\t\t\t<\/div>\n\n\t\t\t\t\t<div id=\"elementor-tab-content-2063\" class=\"elementor-tab-content elementor-clearfix\" data-tab=\"3\" role=\"region\" aria-labelledby=\"elementor-tab-title-2063\"><p>Il Cliente pu\u00f2 presentare la richiesta di disattivazione della fornitura o di scollegamento della rete attraverso le seguenti modalit\u00e0: invio della richiesta tramite posta (Cooperativa per l\u2019utilizzo di Fonti Energetiche Nova Levante, Via Carezza 15, 39035 Nova Levante (BZ)), per E-Mail (<a href=\"mailto:weg@welschnofen.net\">weg@welschnofen.net<\/a>), sito internet o tramite eventuale sportello fisico reso disponibile dall\u2019esercente, compilando un apposito modulo accessibile anche tramite il sito internet dell\u2019esercente e presso eventuali sportelli fisici.<\/p><p><strong>Attivit\u00e0 previste in caso di disattivazione della fornitura, di cui al comma 8.2 del TUAR:<\/strong><\/p><p>a) chiusura delle valvole di intercettazione della sottostazione di utenza e loro piombatura<br \/>b) effettuazione della lettura di cessazione<br \/>c) emissione della fattura di chiusura del rapporto contrattuale, sulla base della lettura di cui alla precedente lettera b).<\/p><p><strong>Attivit\u00e0 previste in caso di scollegamento dalla rete, di cui ai commi 8.2 e 8.4 del TUAR:<\/strong><\/p><p>a) chiusura delle valvole di intercettazione della sottostazione di utenza e loro piombatura<br \/>b) effettuazione della lettura di cessazione<br \/>c) emissione della fattura di chiusura del rapporto contrattuale, sulla base della lettura di cui alla precedente lettera b).<br \/>d) rimozione del gruppo di misura e delle altre componenti della sottostazione d\u2019utenza nei casi in cui queste siano di propriet\u00e0 del gestore<br \/>e) disalimentazione di apparecchiature elettriche facenti parte dell\u2019impianto di allacciamento<br \/>f) intercettazione del circuito idraulico di allacciamento a monte della propriet\u00e0 privata dell\u2019utente, ove tale circuito non serva altri utenti<\/p><p>Non sono previsti oneri o altre spese per il Cliente per la disattivazione della fornitura e la disconnessione dalla rete, ad eccezione dell\u2019eventuale tassa di protezione di cui all\u2019art. 7.1 TUAR (se l\u2019Operatore prevede per contratto tale tassa di protezione).<\/p><p>Non sono previsti corrispettivi o altri oneri per la disattivazione della fornitura e lo scollegamento dalla rete, ad eccezione dell\u2019eventuale corrispettivo di salvaguardia di cui al comma 7.1 TUAR.<\/p><p>Non sono previsti vincoli temporali al recesso fatto salvo il periodo di preavviso di cui al comma 6.1 TUAR.<\/p><\/div>\n\t\t\t\t<\/div>\n\t\t\t\t\t\t\t<div class=\"elementor-toggle-item\">\n\t\t\t\t\t<div id=\"elementor-tab-title-2064\" class=\"elementor-tab-title\" data-tab=\"4\" role=\"button\" aria-controls=\"elementor-tab-content-2064\" aria-expanded=\"false\">\n\t\t\t\t\t\t\t\t\t\t\t\t<span class=\"elementor-toggle-icon elementor-toggle-icon-left\" aria-hidden=\"true\">\n\t\t\t\t\t\t\t\t\t\t\t\t\t\t\t<span class=\"elementor-toggle-icon-closed\"><i class=\"fas fa-plus\"><\/i><\/span>\n\t\t\t\t\t\t\t\t<span class=\"elementor-toggle-icon-opened\"><i class=\"elementor-toggle-icon-opened fas fa-play\"><\/i><\/span>\n\t\t\t\t\t\t\t\t\t\t\t\t\t<\/span>\n\t\t\t\t\t\t\t\t\t\t\t\t<a class=\"elementor-toggle-title\" tabindex=\"0\">Esercizio del diritto di recesso<\/a>\n\t\t\t\t\t<\/div>\n\n\t\t\t\t\t<div id=\"elementor-tab-content-2064\" class=\"elementor-tab-content elementor-clearfix\" data-tab=\"4\" role=\"region\" aria-labelledby=\"elementor-tab-title-2064\"><p>L\u2019utente ha diritto di recedere dal contratto di fornitura del servizio di teleriscaldamento in qualunque momento, con un periodo di preavviso di un mese. L\u2019utente esercita tale diritto presentando all\u2019esercente una richiesta di disattivazione della fornitura oppure presentando una richiesta di scollegamento dalla rete.<br \/>Nel caso in cui il recesso avvenga prima della naturale scadenza del contratto, all\u2019utente potr\u00e0 essere addebitato un corrispettivo di salvaguardia a copertura dei costi di allacciamento. Il corrispettivo di salvaguardia \u00e8 calcolato secondo i criteri di cui all\u2019art. 7.1 del TUAR (Allegato A alla deliberazione ARERA 463\/2021\/R\/tlr e s.m.i.).*<\/p><p><em>* <\/em><em>L\u2019ammontare del corrispettivo di salvaguardia applicabile \u00e8 determinato in funzione del momento in cui avviene il recesso.<br \/><\/em><em>Il corrispettivo di salvaguardia applicabile all\u2019utente \u00e8 pari a:<br \/><\/em><em>a) nel caso di utente residenziale domestico, diverso da un utente socio della societ\u00e0 cooperativa che gli fornisce l\u2019energia termica, alla differenza tra il costo di realizzazione dell\u2019allacciamento, al netto di eventuali contributi pubblici, e il corrispettivo applicato all\u2019utente per la realizzazione dello stesso;<br \/><\/em><em>b) in tutti i casi diversi dalla precedente lettera a), alla differenza tra il costo di realizzazione dell\u2019allacciamento, di estensione e\/o potenziamento della rete e di ogni altra opera necessaria per fornire l\u2019energia termica all\u2019utente, al netto di eventuali contributi pubblici, e il corrispettivo totale applicato all\u2019utente.<br \/><\/em><em>Il corrispettivo di salvaguardia viene applicato per: i) 5 anni per un utente residenziale, sia domestico sia non domestico, diverso da un utente socio della societ\u00e0 cooperativa che gli fornisce energia termica; ii) 10 anni, per gli utenti diversi da quelli di cui alla precedente lettera i).<\/em><\/p><\/div>\n\t\t\t\t<\/div>\n\t\t\t\t\t\t\t\t<\/div>\n\t\t\t\t\t\t<\/div>\n\t\t\t\t<\/div>\n\t\t\t\t\t<\/div>\n\t\t<\/div>\n\t\t\t\t\t<\/div>\n\t\t<\/section>\n\t\t\t\t<\/div>\n\t\t","protected":false},"excerpt":{"rendered":"<p>Clienti: Per l\u2019invio di reclami e richieste di informazioni l\u2019utente pu\u00f2 rivolgersi a: Cooperativa per l&#8217;utilizzo di Fonti Energetiche Nova LevanteVia Carezza 1539056 Nova LevanteTel: +39 0471 613237E-Mail: weg@welschnofen.net Orari di apertura dell\u2019ufficio (Via Carezza 15, Nova Levante) e del servizio telefonico:Luned\u00ec &#8211; Venerd\u00ec 08.00 &#8211; 12.00 Spese di allacciamento:Per le spese di allacciamento verr\u00e0 [&hellip;]<\/p>\n","protected":false},"author":1,"featured_media":0,"parent":0,"menu_order":0,"comment_status":"closed","ping_status":"closed","template":"elementor_header_footer","meta":{"_acf_changed":false,"footnotes":""},"class_list":["post-1951","page","type-page","status-publish","hentry"],"acf":[],"_links":{"self":[{"href":"https:\/\/www.welschnofen.net\/it\/wp-json\/wp\/v2\/pages\/1951","targetHints":{"allow":["GET"]}}],"collection":[{"href":"https:\/\/www.welschnofen.net\/it\/wp-json\/wp\/v2\/pages"}],"about":[{"href":"https:\/\/www.welschnofen.net\/it\/wp-json\/wp\/v2\/types\/page"}],"author":[{"embeddable":true,"href":"https:\/\/www.welschnofen.net\/it\/wp-json\/wp\/v2\/users\/1"}],"replies":[{"embeddable":true,"href":"https:\/\/www.welschnofen.net\/it\/wp-json\/wp\/v2\/comments?post=1951"}],"version-history":[{"count":5,"href":"https:\/\/www.welschnofen.net\/it\/wp-json\/wp\/v2\/pages\/1951\/revisions"}],"predecessor-version":[{"id":2531,"href":"https:\/\/www.welschnofen.net\/it\/wp-json\/wp\/v2\/pages\/1951\/revisions\/2531"}],"wp:attachment":[{"href":"https:\/\/www.welschnofen.net\/it\/wp-json\/wp\/v2\/media?parent=1951"}],"curies":[{"name":"wp","href":"https:\/\/api.w.org\/{rel}","templated":true}]}}